{"id":9828,"date":"2021-05-03T18:19:54","date_gmt":"2021-05-03T18:19:54","guid":{"rendered":"https:\/\/www.armycadetleague.ca\/vice-president-at-large\/"},"modified":"2025-05-04T11:41:06","modified_gmt":"2025-05-04T16:41:06","slug":"vice-president-extraordinaire","status":"publish","type":"page","link":"https:\/\/www.armycadetleague.ca\/fr\/vice-president-extraordinaire\/","title":{"rendered":"Vice-Pr\u00e9sidente extraordinaire"},"content":{"rendered":"<p><img loading=\"lazy\" decoding=\"async\" class=\"size-medium wp-image-11085 alignleft\" src=\"https:\/\/www.armycadetleague.ca\/wp-content\/uploads\/6-300x300.png\" alt=\"\" width=\"300\" height=\"300\" srcset=\"https:\/\/www.armycadetleague.ca\/wp-content\/uploads\/6-300x300.png 300w, https:\/\/www.armycadetleague.ca\/wp-content\/uploads\/6-1024x1024.png 1024w, https:\/\/www.armycadetleague.ca\/wp-content\/uploads\/6-150x150.png 150w, https:\/\/www.armycadetleague.ca\/wp-content\/uploads\/6-768x768.png 768w, https:\/\/www.armycadetleague.ca\/wp-content\/uploads\/6-800x800.png 800w, https:\/\/www.armycadetleague.ca\/wp-content\/uploads\/6.png 1080w\" sizes=\"auto, (max-width: 300px) 100vw, 300px\" \/><\/p>\n<h3><span data-contrast=\"auto\">Glenda Ouellette<\/span><\/h3>\n<p><span data-contrast=\"auto\">Glenda Ouellette s\u2019investit avec passion pour permettre aux gens d\u2019atteindre leur plein potentiel. Glenda a commenc\u00e9 son association avec les cadets en 2010 lorsque ses deux fils se sont joints au programme; son fils ain\u00e9 avec les cadets de l\u2019Arm\u00e9e et son fils cadet chez les cadets de l\u2019Aviation. Depuis, Glenda n\u2019a cess\u00e9 d\u2019\u00eatre impressionn\u00e9e par les connaissances, les habilet\u00e9s et le leadership que le programme des cadets conf\u00e8re \u00e0 la jeunesse canadienne.<\/span><span data-ccp-props=\"{&quot;201341983&quot;:0,&quot;335559739&quot;:0,&quot;335559740&quot;:259}\">\u00a0<\/span><\/p>\n<p><span data-contrast=\"auto\">Glenda est actuellement b\u00e9n\u00e9vole aupr\u00e8s de la Ligue des cadets de l\u2019Arm\u00e9e du Canada o\u00f9 elle agit comme membre du Conseil et tr\u00e9sori\u00e8re depuis avril 2019. Auparavant elle a agi comme b\u00e9n\u00e9vole conseill\u00e8re de la Ligue en tant que vice-pr\u00e9sidente du Comit\u00e9 national des finances (2017-2019) et pr\u00e9sidente du Comit\u00e9-conseil national du budget (2015-2017). Elle est \u00e9galement b\u00e9n\u00e9vole aupr\u00e8s du programme international du prix du duc d\u2019\u00c9dimbourg \u2013 Conseil local pour la Colombie-Britannique et le Yukon.<\/span><span data-ccp-props=\"{&quot;201341983&quot;:0,&quot;335559739&quot;:0,&quot;335559740&quot;:259}\">\u00a0<\/span><\/p>\n<p><span data-contrast=\"auto\">Auparavant, Glenda a \u00e9galement agi comme b\u00e9n\u00e9vole aupr\u00e8s de plusieurs organismes sans but lucratif notamment l\u2019institut d\u2019assurance du Canada, l\u2019institut d\u2019assurance de la Colombie-Britannique, le corps de cadets royaux de l\u2019Arm\u00e9e 2277 Seaforth Highlanders, l\u2019escadron 746, Lightning Hawk des cadets royaux de l\u2019Aviation, le programme international du prix du duc d\u2019\u00c9dimbourg pour le Canada, et la Fraser valley society qui \u0153uvre aupr\u00e8s des enfants qui ont des difficult\u00e9s d\u2019apprentissage (DBA\u202f: James Cameron school)<\/span><span data-ccp-props=\"{&quot;201341983&quot;:0,&quot;335559739&quot;:0,&quot;335559740&quot;:259}\">\u00a0<\/span><\/p>\n<p><span data-contrast=\"auto\">Glenda d\u00e9tient un baccalaur\u00e9at es arts de l\u2019Universit\u00e9 McGill, une maitrise en administration des affaires de l\u2019Universit\u00e9 Queen\u2019s et est membre de la Soci\u00e9t\u00e9 des professionnels d\u2019assurance agr\u00e9\u00e9s aupr\u00e8s de l\u2019Institut d\u2019assurance du Canada. Elle a \u00e9galement termin\u00e9 le programme \u00ab\u00b0Get on Board\u00b0\u00bb un programme d\u2019\u00e9ducation des administrateurs du Conseil canadien pour la diversit\u00e9 administrative.<\/span><span data-ccp-props=\"{&quot;201341983&quot;:0,&quot;335559739&quot;:0,&quot;335559740&quot;:259}\">\u00a0<\/span><\/p>\n<p><span data-contrast=\"auto\">En 2021, elle a eu l\u2019honneur de recevoir le prix national du leadership de la soci\u00e9t\u00e9 des PAA de l\u2019Institut de l\u2019assurance du Canada comme \u00ab\u00b0Leader actuelle\u00b0\u00bb. En 2018, elle avait eu l\u2019honneur de recevoir le prestigieux Prix du m\u00e9rite pour son service exceptionnel aupr\u00e8s de cette organisation.<\/span><span data-ccp-props=\"{&quot;201341983&quot;:0,&quot;335559739&quot;:0,&quot;335559740&quot;:259}\">\u00a0<\/span><\/p>\n<p><span data-contrast=\"auto\">Glenda demeure \u00e0 Lindell Beach, Colombie-Britannique avec son \u00e9poux Bruno.<\/span><span data-ccp-props=\"{&quot;201341983&quot;:0,&quot;335559739&quot;:0,&quot;335559740&quot;:259}\">\u00a0<\/span><\/p>\n","protected":false},"excerpt":{"rendered":"<p>Glenda Ouellette Glenda Ouellette s\u2019investit avec passion pour permettre aux gens d\u2019atteindre leur plein potentiel. Glenda a commenc\u00e9 son association avec les cadets en 2010 lorsque ses deux fils se sont joints au programme; son fils ain\u00e9 avec les cadets de l\u2019Arm\u00e9e et son fils cadet chez les cadets de l\u2019Aviation. Depuis, Glenda n\u2019a cess\u00e9 [&hellip;]<\/p>\n","protected":false},"author":1,"featured_media":0,"parent":0,"menu_order":0,"comment_status":"closed","ping_status":"closed","template":"","meta":{"footnotes":"","_links_to":"","_links_to_target":""},"class_list":["post-9828","page","type-page","status-publish","hentry"],"_links":{"self":[{"href":"https:\/\/www.armycadetleague.ca\/fr\/wp-json\/wp\/v2\/pages\/9828","targetHints":{"allow":["GET"]}}],"collection":[{"href":"https:\/\/www.armycadetleague.ca\/fr\/wp-json\/wp\/v2\/pages"}],"about":[{"href":"https:\/\/www.armycadetleague.ca\/fr\/wp-json\/wp\/v2\/types\/page"}],"author":[{"embeddable":true,"href":"https:\/\/www.armycadetleague.ca\/fr\/wp-json\/wp\/v2\/users\/1"}],"replies":[{"embeddable":true,"href":"https:\/\/www.armycadetleague.ca\/fr\/wp-json\/wp\/v2\/comments?post=9828"}],"version-history":[{"count":8,"href":"https:\/\/www.armycadetleague.ca\/fr\/wp-json\/wp\/v2\/pages\/9828\/revisions"}],"predecessor-version":[{"id":11099,"href":"https:\/\/www.armycadetleague.ca\/fr\/wp-json\/wp\/v2\/pages\/9828\/revisions\/11099"}],"wp:attachment":[{"href":"https:\/\/www.armycadetleague.ca\/fr\/wp-json\/wp\/v2\/media?parent=9828"}],"curies":[{"name":"wp","href":"https:\/\/api.w.org\/{rel}","templated":true}]}}